{"id":1908,"date":"2021-02-18T19:25:06","date_gmt":"2021-02-18T18:25:06","guid":{"rendered":"http:\/\/femarburg.de\/?page_id=1908"},"modified":"2021-02-18T19:27:47","modified_gmt":"2021-02-18T18:27:47","slug":"wer-sind-wir-2","status":"publish","type":"page","link":"http:\/\/femarburg.de\/?page_id=1908","title":{"rendered":"Wer sind wir?"},"content":{"rendered":"\n<p>Wir sind aktuell eine Gruppe aus feministischen Studierenden, Mitarbeiter*innen und Promovierenden der Universit\u00e4t Marburg.<\/p>\n\n\n\n<p>Nachdem es eine Weile ruhig geworden war, haben wir fe_Marburg 2019 wieder aufleben lassen. Urspr\u00fcnglich wurde fe_Marburg von einer Gruppe Nachwuchswissenschaftler*innen vor allem als Publikationsort f\u00fcr feministische Abschlussarbeiten gegr\u00fcndet.&nbsp;<\/p>\n\n\n\n<p>Seitdem treffen wir uns wieder regelm\u00e4\u00dfig und widmen uns den Themen, die uns wichtig sind. Wir lesen gemeinsam, diskutieren \u00fcber feministische Themen und planen Veranstaltungen. So haben wir 2019 zum Beispiel eine Lesung mit Felicia Ewert zu ihrem Buch \u201cTrans.Frau.Sein\u201d organisiert. Um den feministischen Austausch in und um Marburg zu st\u00e4rken, haben wir unser erstes Kolloquium f\u00fcr feministische Arbeiten auf die Beine gestellt und planen bereits das n\u00e4chste. Au\u00dferdem haben wir im Rahmen eines Lesekreises \u201cLiving a Feminist Life\u201d von Sara Ahmed gelesen.&nbsp;<\/p>\n\n\n\n<p>Wie wir uns verorten und was wir unter Feminismus verstehen, k\u00f6nnt ihr in unserem Selbstverst\u00e4ndnis nachlesen.<\/p>\n\n\n\n<p>Wir arbeiten regelm\u00e4\u00dfig mit dem Zentrum f\u00fcr Gender Studies und feministische Zukunftsforschung und der Frauen- und Gleichstellungsbeauftragten der Philipps-Universit\u00e4t zusammen, die uns bei der Umsetzung feministischer Projekte unterst\u00fctzen.<\/p>\n\n\n\n<p>Wir freuen uns immer \u00fcber neue Gesichter und Ideen! Gerade treffen wir uns alle zwei Wochen donnerstags online. Die genauen Termine und Orte findet Ihr auf der Homepage unter dem Reiter Neuigkeiten.<\/p>\n\n\n\n<p>Bei Interesse meldet Euch unter: kontakt@femarburg.de<\/p>\n\n\n\n<p><em>Unser herzlichster Dank geht an Mathis, der gekonnt unser Layout und Logo gestaltet hat; und Bini Adamzcak f\u00fcr die Bereitstellung der sagenhaft guten Figuren f\u00fcr unser Design aus ihrem Buch <\/em><a href=\"http:\/\/www.unrast-verlag.de\/kommunismus-178-detail\"><em>\u201eKommunismus. Kleine Geschichte wie endlich alles anders wird\u201c<\/em><\/a><em>!<\/em><\/p>\n","protected":false},"excerpt":{"rendered":"<p>Wir sind aktuell eine Gruppe aus feministischen Studierenden, Mitarbeiter*innen und Promovierenden der Universit\u00e4t Marburg. Nachdem es eine Weile ruhig geworden war, haben wir fe_Marburg 2019 wieder aufleben lassen. Urspr\u00fcnglich wurde fe_Marburg von einer Gruppe Nachwuchswissenschaftler*innen vor allem als Publikationsort f\u00fcr feministische Abschlussarbeiten gegr\u00fcndet.&nbsp; Seitdem treffen wir uns wieder regelm\u00e4\u00dfig und widmen uns den Themen, die [&hellip;]<\/p>\n","protected":false},"author":13,"featured_media":0,"parent":0,"menu_order":0,"comment_status":"closed","ping_status":"closed","template":"","meta":[],"_links":{"self":[{"href":"http:\/\/femarburg.de\/index.php?rest_route=\/wp\/v2\/pages\/1908"}],"collection":[{"href":"http:\/\/femarburg.de\/index.php?rest_route=\/wp\/v2\/pages"}],"about":[{"href":"http:\/\/femarburg.de\/index.php?rest_route=\/wp\/v2\/types\/page"}],"author":[{"embeddable":true,"href":"http:\/\/femarburg.de\/index.php?rest_route=\/wp\/v2\/users\/13"}],"replies":[{"embeddable":true,"href":"http:\/\/femarburg.de\/index.php?rest_route=%2Fwp%2Fv2%2Fcomments&post=1908"}],"version-history":[{"count":2,"href":"http:\/\/femarburg.de\/index.php?rest_route=\/wp\/v2\/pages\/1908\/revisions"}],"predecessor-version":[{"id":1912,"href":"http:\/\/femarburg.de\/index.php?rest_route=\/wp\/v2\/pages\/1908\/revisions\/1912"}],"wp:attachment":[{"href":"http:\/\/femarburg.de\/index.php?rest_route=%2Fwp%2Fv2%2Fmedia&parent=1908"}],"curies":[{"name":"wp","href":"https:\/\/api.w.org\/{rel}","templated":true}]}}